{"id":35376,"date":"2024-01-11T10:51:06","date_gmt":"2024-01-11T09:51:06","guid":{"rendered":"https:\/\/tejasborja.com\/proyecto\/mercat-de-la-llibertat-barcelona\/"},"modified":"2024-11-07T11:25:13","modified_gmt":"2024-11-07T10:25:13","slug":"mercat-de-la-llibertat-barcelona","status":"publish","type":"proyecto","link":"https:\/\/tejasborja.com\/en\/project\/mercat-de-la-llibertat-barcelona\/","title":{"rendered":"Llibertat Market (Barcelona)"},"content":{"rendered":"\n<p>El edificio modernista construido entre 1888 y 1893 en el barrio de Gracia de Barcelona, de planta rectangular consta de tres naves siendo la central de mayor amplitud.<\/p>\n\n\n\n<p>La cubierta de unos 2.200 m2, ha sido substituida en su totalidad por <strong>tejas Planas Alicantinas<\/strong> y <strong>piezas de terminaci\u00f3n<\/strong> en dos acabados <strong>Miel<\/strong> y <strong>Negro<\/strong> de Tejas Borja, reproduciendo fielmente los colores esmaltados originales mediante&nbsp; bicocci\u00f3n de alta temperatura siguiendo el proyecto del arquitecto Josep LLobet, del despacho PB2 Llobet-Bach Associats.<\/p>\n\n\n\n<p>La instalaci\u00f3n realizada por la empresa Teules S.L. se hizo cuidando que las geometr\u00edas decorativas y las especificaciones t\u00e9cnicas del proyecto se hayan hecho con las debidas garant\u00edas de seguridad y calidad de ejecuci\u00f3n.<\/p>\n\n\n\n<p><\/p>\n","protected":false},"featured_media":14877,"template":"","meta":{"_acf_changed":false,"_eb_attr":""},"proyecto-categoria":[444],"proyecto-pais":[446],"proyecto-tipo":[448],"class_list":["post-35376","proyecto","type-proyecto","status-publish","has-post-thumbnail","hentry","proyecto-categoria-roofs-rehabilitation","proyecto-pais-spain","proyecto-tipo-public-building"],"acf":[],"yoast_head":"<!-- This site is optimized with the Yoast SEO plugin v27.3 - https:\/\/yoast.com\/product\/yoast-seo-wordpress\/ -->\n<title>Llibertat Market (Barcelona) - Tejas Borja<\/title>\n<meta name=\"robots\" content=\"index, follow, max-snippet:-1, max-image-preview:large, max-video-preview:-1\" \/>\n<link rel=\"canonical\" href=\"https:\/\/tejasborja.com\/en\/project\/mercat-de-la-llibertat-barcelona\/\" \/>\n<meta property=\"og:locale\" content=\"en_US\" \/>\n<meta property=\"og:type\" content=\"article\" \/>\n<meta property=\"og:title\" content=\"Llibertat Market (Barcelona) - Tejas Borja\" \/>\n<meta property=\"og:description\" content=\"El edificio modernista construido entre 1888 y 1893 en el barrio de Gracia de Barcelona, de planta rectangular consta de tres naves siendo la central de mayor amplitud. La cubierta de unos 2.200 m2, ha sido substituida en su totalidad por tejas Planas Alicantinas y piezas de terminaci\u00f3n en dos acabados Miel y Negro de [&hellip;]\" \/>\n<meta property=\"og:url\" content=\"https:\/\/tejasborja.com\/en\/project\/mercat-de-la-llibertat-barcelona\/\" \/>\n<meta property=\"og:site_name\" content=\"Tejas Borja\" \/>\n<meta property=\"article:modified_time\" content=\"2024-11-07T10:25:13+00:00\" \/>\n<meta property=\"og:image\" content=\"https:\/\/tejasborja.com\/wp-content\/uploads\/2024\/10\/MercadoLaLlibertatBarcelona2-1024x768-1.jpg\" \/>\n\t<meta property=\"og:image:width\" content=\"1024\" \/>\n\t<meta property=\"og:image:height\" content=\"768\" \/>\n\t<meta property=\"og:image:type\" content=\"image\/jpeg\" \/>\n<meta name=\"twitter:card\" content=\"summary_large_image\" \/>\n<script type=\"application\/ld+json\" class=\"yoast-schema-graph\">{\"@context\":\"https:\\\/\\\/schema.org\",\"@graph\":[{\"@type\":\"WebPage\",\"@id\":\"https:\\\/\\\/tejasborja.com\\\/en\\\/project\\\/mercat-de-la-llibertat-barcelona\\\/\",\"url\":\"https:\\\/\\\/tejasborja.com\\\/en\\\/project\\\/mercat-de-la-llibertat-barcelona\\\/\",\"name\":\"Llibertat Market (Barcelona) - Tejas Borja\",\"isPartOf\":{\"@id\":\"https:\\\/\\\/tejasborja.com\\\/en\\\/#website\"},\"primaryImageOfPage\":{\"@id\":\"https:\\\/\\\/tejasborja.com\\\/en\\\/project\\\/mercat-de-la-llibertat-barcelona\\\/#primaryimage\"},\"image\":{\"@id\":\"https:\\\/\\\/tejasborja.com\\\/en\\\/project\\\/mercat-de-la-llibertat-barcelona\\\/#primaryimage\"},\"thumbnailUrl\":\"https:\\\/\\\/tejasborja.com\\\/wp-content\\\/uploads\\\/2024\\\/10\\\/MercadoLaLlibertatBarcelona2-1024x768-1.jpg\",\"datePublished\":\"2024-01-11T09:51:06+00:00\",\"dateModified\":\"2024-11-07T10:25:13+00:00\",\"breadcrumb\":{\"@id\":\"https:\\\/\\\/tejasborja.com\\\/en\\\/project\\\/mercat-de-la-llibertat-barcelona\\\/#breadcrumb\"},\"inLanguage\":\"en-US\",\"potentialAction\":[{\"@type\":\"ReadAction\",\"target\":[\"https:\\\/\\\/tejasborja.com\\\/en\\\/project\\\/mercat-de-la-llibertat-barcelona\\\/\"]}]},{\"@type\":\"ImageObject\",\"inLanguage\":\"en-US\",\"@id\":\"https:\\\/\\\/tejasborja.com\\\/en\\\/project\\\/mercat-de-la-llibertat-barcelona\\\/#primaryimage\",\"url\":\"https:\\\/\\\/tejasborja.com\\\/wp-content\\\/uploads\\\/2024\\\/10\\\/MercadoLaLlibertatBarcelona2-1024x768-1.jpg\",\"contentUrl\":\"https:\\\/\\\/tejasborja.com\\\/wp-content\\\/uploads\\\/2024\\\/10\\\/MercadoLaLlibertatBarcelona2-1024x768-1.jpg\",\"width\":1024,\"height\":768,\"caption\":\"Mercat de la Llibertat (Barcelona)\"},{\"@type\":\"BreadcrumbList\",\"@id\":\"https:\\\/\\\/tejasborja.com\\\/en\\\/project\\\/mercat-de-la-llibertat-barcelona\\\/#breadcrumb\",\"itemListElement\":[{\"@type\":\"ListItem\",\"position\":1,\"name\":\"Portada\",\"item\":\"https:\\\/\\\/tejasborja.com\\\/en\\\/\"},{\"@type\":\"ListItem\",\"position\":2,\"name\":\"Llibertat Market (Barcelona)\"}]},{\"@type\":\"WebSite\",\"@id\":\"https:\\\/\\\/tejasborja.com\\\/en\\\/#website\",\"url\":\"https:\\\/\\\/tejasborja.com\\\/en\\\/\",\"name\":\"Tejas Borja\",\"description\":\"TEJAS BORJA la gama m\u00e1s amplia de tejas cer\u00e1micas del mercado. Especialistas en tejas mixtas, tejas planas y tejas curvas tanto para rehabilitaci\u00f3n de cubiertas como para tejados de obra nueva. Una marca con m\u00e1s de 110 a\u00f1os de experiencia....\",\"publisher\":{\"@id\":\"https:\\\/\\\/tejasborja.com\\\/en\\\/#organization\"},\"potentialAction\":[{\"@type\":\"SearchAction\",\"target\":{\"@type\":\"EntryPoint\",\"urlTemplate\":\"https:\\\/\\\/tejasborja.com\\\/en\\\/?s={search_term_string}\"},\"query-input\":{\"@type\":\"PropertyValueSpecification\",\"valueRequired\":true,\"valueName\":\"search_term_string\"}}],\"inLanguage\":\"en-US\"},{\"@type\":\"Organization\",\"@id\":\"https:\\\/\\\/tejasborja.com\\\/en\\\/#organization\",\"name\":\"Tejas Borja\",\"url\":\"https:\\\/\\\/tejasborja.com\\\/en\\\/\",\"logo\":{\"@type\":\"ImageObject\",\"inLanguage\":\"en-US\",\"@id\":\"https:\\\/\\\/tejasborja.com\\\/en\\\/#\\\/schema\\\/logo\\\/image\\\/\",\"url\":\"https:\\\/\\\/tejasborja.com\\\/wp-content\\\/uploads\\\/2025\\\/08\\\/Logo-Tejas-Borja-Blanco-1.png\",\"contentUrl\":\"https:\\\/\\\/tejasborja.com\\\/wp-content\\\/uploads\\\/2025\\\/08\\\/Logo-Tejas-Borja-Blanco-1.png\",\"width\":150,\"height\":50,\"caption\":\"Tejas Borja\"},\"image\":{\"@id\":\"https:\\\/\\\/tejasborja.com\\\/en\\\/#\\\/schema\\\/logo\\\/image\\\/\"}}]}<\/script>\n<!-- \/ Yoast SEO plugin. -->","yoast_head_json":{"title":"Llibertat Market (Barcelona) - Tejas Borja","robots":{"index":"index","follow":"follow","max-snippet":"max-snippet:-1","max-image-preview":"max-image-preview:large","max-video-preview":"max-video-preview:-1"},"canonical":"https:\/\/tejasborja.com\/en\/project\/mercat-de-la-llibertat-barcelona\/","og_locale":"en_US","og_type":"article","og_title":"Llibertat Market (Barcelona) - Tejas Borja","og_description":"El edificio modernista construido entre 1888 y 1893 en el barrio de Gracia de Barcelona, de planta rectangular consta de tres naves siendo la central de mayor amplitud. La cubierta de unos 2.200 m2, ha sido substituida en su totalidad por tejas Planas Alicantinas y piezas de terminaci\u00f3n en dos acabados Miel y Negro de [&hellip;]","og_url":"https:\/\/tejasborja.com\/en\/project\/mercat-de-la-llibertat-barcelona\/","og_site_name":"Tejas Borja","article_modified_time":"2024-11-07T10:25:13+00:00","og_image":[{"width":1024,"height":768,"url":"https:\/\/tejasborja.com\/wp-content\/uploads\/2024\/10\/MercadoLaLlibertatBarcelona2-1024x768-1.jpg","type":"image\/jpeg"}],"twitter_card":"summary_large_image","schema":{"@context":"https:\/\/schema.org","@graph":[{"@type":"WebPage","@id":"https:\/\/tejasborja.com\/en\/project\/mercat-de-la-llibertat-barcelona\/","url":"https:\/\/tejasborja.com\/en\/project\/mercat-de-la-llibertat-barcelona\/","name":"Llibertat Market (Barcelona) - Tejas Borja","isPartOf":{"@id":"https:\/\/tejasborja.com\/en\/#website"},"primaryImageOfPage":{"@id":"https:\/\/tejasborja.com\/en\/project\/mercat-de-la-llibertat-barcelona\/#primaryimage"},"image":{"@id":"https:\/\/tejasborja.com\/en\/project\/mercat-de-la-llibertat-barcelona\/#primaryimage"},"thumbnailUrl":"https:\/\/tejasborja.com\/wp-content\/uploads\/2024\/10\/MercadoLaLlibertatBarcelona2-1024x768-1.jpg","datePublished":"2024-01-11T09:51:06+00:00","dateModified":"2024-11-07T10:25:13+00:00","breadcrumb":{"@id":"https:\/\/tejasborja.com\/en\/project\/mercat-de-la-llibertat-barcelona\/#breadcrumb"},"inLanguage":"en-US","potentialAction":[{"@type":"ReadAction","target":["https:\/\/tejasborja.com\/en\/project\/mercat-de-la-llibertat-barcelona\/"]}]},{"@type":"ImageObject","inLanguage":"en-US","@id":"https:\/\/tejasborja.com\/en\/project\/mercat-de-la-llibertat-barcelona\/#primaryimage","url":"https:\/\/tejasborja.com\/wp-content\/uploads\/2024\/10\/MercadoLaLlibertatBarcelona2-1024x768-1.jpg","contentUrl":"https:\/\/tejasborja.com\/wp-content\/uploads\/2024\/10\/MercadoLaLlibertatBarcelona2-1024x768-1.jpg","width":1024,"height":768,"caption":"Mercat de la Llibertat (Barcelona)"},{"@type":"BreadcrumbList","@id":"https:\/\/tejasborja.com\/en\/project\/mercat-de-la-llibertat-barcelona\/#breadcrumb","itemListElement":[{"@type":"ListItem","position":1,"name":"Portada","item":"https:\/\/tejasborja.com\/en\/"},{"@type":"ListItem","position":2,"name":"Llibertat Market (Barcelona)"}]},{"@type":"WebSite","@id":"https:\/\/tejasborja.com\/en\/#website","url":"https:\/\/tejasborja.com\/en\/","name":"Tejas Borja","description":"TEJAS BORJA la gama m\u00e1s amplia de tejas cer\u00e1micas del mercado. Especialistas en tejas mixtas, tejas planas y tejas curvas tanto para rehabilitaci\u00f3n de cubiertas como para tejados de obra nueva. Una marca con m\u00e1s de 110 a\u00f1os de experiencia....","publisher":{"@id":"https:\/\/tejasborja.com\/en\/#organization"},"potentialAction":[{"@type":"SearchAction","target":{"@type":"EntryPoint","urlTemplate":"https:\/\/tejasborja.com\/en\/?s={search_term_string}"},"query-input":{"@type":"PropertyValueSpecification","valueRequired":true,"valueName":"search_term_string"}}],"inLanguage":"en-US"},{"@type":"Organization","@id":"https:\/\/tejasborja.com\/en\/#organization","name":"Tejas Borja","url":"https:\/\/tejasborja.com\/en\/","logo":{"@type":"ImageObject","inLanguage":"en-US","@id":"https:\/\/tejasborja.com\/en\/#\/schema\/logo\/image\/","url":"https:\/\/tejasborja.com\/wp-content\/uploads\/2025\/08\/Logo-Tejas-Borja-Blanco-1.png","contentUrl":"https:\/\/tejasborja.com\/wp-content\/uploads\/2025\/08\/Logo-Tejas-Borja-Blanco-1.png","width":150,"height":50,"caption":"Tejas Borja"},"image":{"@id":"https:\/\/tejasborja.com\/en\/#\/schema\/logo\/image\/"}}]}},"_links":{"self":[{"href":"https:\/\/tejasborja.com\/en\/wp-json\/wp\/v2\/proyecto\/35376","targetHints":{"allow":["GET"]}}],"collection":[{"href":"https:\/\/tejasborja.com\/en\/wp-json\/wp\/v2\/proyecto"}],"about":[{"href":"https:\/\/tejasborja.com\/en\/wp-json\/wp\/v2\/types\/proyecto"}],"wp:featuredmedia":[{"embeddable":true,"href":"https:\/\/tejasborja.com\/en\/wp-json\/wp\/v2\/media\/14877"}],"wp:attachment":[{"href":"https:\/\/tejasborja.com\/en\/wp-json\/wp\/v2\/media?parent=35376"}],"wp:term":[{"taxonomy":"proyecto-categoria","embeddable":true,"href":"https:\/\/tejasborja.com\/en\/wp-json\/wp\/v2\/proyecto-categoria?post=35376"},{"taxonomy":"proyecto-pais","embeddable":true,"href":"https:\/\/tejasborja.com\/en\/wp-json\/wp\/v2\/proyecto-pais?post=35376"},{"taxonomy":"proyecto-tipo","embeddable":true,"href":"https:\/\/tejasborja.com\/en\/wp-json\/wp\/v2\/proyecto-tipo?post=35376"}],"curies":[{"name":"wp","href":"https:\/\/api.w.org\/{rel}","templated":true}]}}