{"id":35449,"date":"2024-03-08T10:51:06","date_gmt":"2024-03-08T09:51:06","guid":{"rendered":"https:\/\/tejasborja.com\/proyecto\/colonia-guell-santa-coloma-de-cervello\/"},"modified":"2024-11-06T15:27:41","modified_gmt":"2024-11-06T14:27:41","slug":"colonia-guell-santa-coloma-de-cervello","status":"publish","type":"proyecto","link":"https:\/\/tejasborja.com\/en\/project\/colonia-guell-santa-coloma-de-cervello\/","title":{"rendered":"Col\u00f2nia G\u00fcell &#8211; Santa Coloma de Cervell\u00f3"},"content":{"rendered":"\n<h4 class=\"wp-block-heading\">The Col\u00f2nia G\u00fcell roofing project has been done with&nbsp;<a href=\"https:\/\/tejasborja.com\/en\/roof-tile\/curved-celler-50x21\/\" target=\"_blank\" rel=\"noreferrer noopener\">Curved Celler<sup>\u00ae<\/sup> 50\u00d72<\/a>1 roofing tile, <a href=\"https:\/\/tejasborja.com\/en\/finishings\/centenaria-ground\/\" target=\"_blank\" rel=\"noreferrer noopener\">Centenaria<sup>\u00ae<\/sup>&nbsp;Ground<\/a>&nbsp;finish.<\/h4>\n\n\n\n<p>&lt;In 1990 the Colonia G\u00fcell was declared \u00abHeritage of Cultural Interest\u00bb by the Spanish government and the protection of some of its most relevant buildings was established as well as the building standards for the future.&gt; (<a href=\"http:\/\/www.gaudicoloniaguell.org\/en\/history\/colonia-guell-history\" target=\"_blank\" rel=\"noreferrer noopener\">fuente<\/a>)<\/p>\n","protected":false},"featured_media":14030,"template":"","meta":{"_acf_changed":false,"_eb_attr":""},"proyecto-categoria":[444],"proyecto-pais":[446],"proyecto-tipo":[448],"class_list":["post-35449","proyecto","type-proyecto","status-publish","has-post-thumbnail","hentry","proyecto-categoria-roofs-rehabilitation","proyecto-pais-spain","proyecto-tipo-public-building"],"acf":[],"yoast_head":"<!-- This site is optimized with the Yoast SEO plugin v27.3 - https:\/\/yoast.com\/product\/yoast-seo-wordpress\/ -->\n<title>Col\u00f2nia G\u00fcell - Santa Coloma de Cervell\u00f3 - Tejas Borja<\/title>\n<meta name=\"robots\" content=\"index, follow, max-snippet:-1, max-image-preview:large, max-video-preview:-1\" \/>\n<link rel=\"canonical\" href=\"https:\/\/tejasborja.com\/en\/project\/colonia-guell-santa-coloma-de-cervello\/\" \/>\n<meta property=\"og:locale\" content=\"en_US\" \/>\n<meta property=\"og:type\" content=\"article\" \/>\n<meta property=\"og:title\" content=\"Col\u00f2nia G\u00fcell - Santa Coloma de Cervell\u00f3 - Tejas Borja\" \/>\n<meta property=\"og:description\" content=\"The Col\u00f2nia G\u00fcell roofing project has been done with&nbsp;Curved Celler\u00ae 50\u00d721 roofing tile, Centenaria\u00ae&nbsp;Ground&nbsp;finish. &lt;In 1990 the Colonia G\u00fcell was declared \u00abHeritage of Cultural Interest\u00bb by the Spanish government and the protection of some of its most relevant buildings was established as well as the building standards for the future.&gt; (fuente)\" \/>\n<meta property=\"og:url\" content=\"https:\/\/tejasborja.com\/en\/project\/colonia-guell-santa-coloma-de-cervello\/\" \/>\n<meta property=\"og:site_name\" content=\"Tejas Borja\" \/>\n<meta property=\"article:modified_time\" content=\"2024-11-06T14:27:41+00:00\" \/>\n<meta property=\"og:image\" content=\"https:\/\/tejasborja.com\/wp-content\/uploads\/2024\/10\/Colonia-Guell_Tejas_Borja.jpg\" \/>\n\t<meta property=\"og:image:width\" content=\"768\" \/>\n\t<meta property=\"og:image:height\" content=\"576\" \/>\n\t<meta property=\"og:image:type\" content=\"image\/jpeg\" \/>\n<meta name=\"twitter:card\" content=\"summary_large_image\" \/>\n<script type=\"application\/ld+json\" class=\"yoast-schema-graph\">{\"@context\":\"https:\\\/\\\/schema.org\",\"@graph\":[{\"@type\":\"WebPage\",\"@id\":\"https:\\\/\\\/tejasborja.com\\\/en\\\/project\\\/colonia-guell-santa-coloma-de-cervello\\\/\",\"url\":\"https:\\\/\\\/tejasborja.com\\\/en\\\/project\\\/colonia-guell-santa-coloma-de-cervello\\\/\",\"name\":\"Col\u00f2nia G\u00fcell - Santa Coloma de Cervell\u00f3 - Tejas Borja\",\"isPartOf\":{\"@id\":\"https:\\\/\\\/tejasborja.com\\\/en\\\/#website\"},\"primaryImageOfPage\":{\"@id\":\"https:\\\/\\\/tejasborja.com\\\/en\\\/project\\\/colonia-guell-santa-coloma-de-cervello\\\/#primaryimage\"},\"image\":{\"@id\":\"https:\\\/\\\/tejasborja.com\\\/en\\\/project\\\/colonia-guell-santa-coloma-de-cervello\\\/#primaryimage\"},\"thumbnailUrl\":\"https:\\\/\\\/tejasborja.com\\\/wp-content\\\/uploads\\\/2024\\\/10\\\/Colonia-Guell_Tejas_Borja.jpg\",\"datePublished\":\"2024-03-08T09:51:06+00:00\",\"dateModified\":\"2024-11-06T14:27:41+00:00\",\"breadcrumb\":{\"@id\":\"https:\\\/\\\/tejasborja.com\\\/en\\\/project\\\/colonia-guell-santa-coloma-de-cervello\\\/#breadcrumb\"},\"inLanguage\":\"en-US\",\"potentialAction\":[{\"@type\":\"ReadAction\",\"target\":[\"https:\\\/\\\/tejasborja.com\\\/en\\\/project\\\/colonia-guell-santa-coloma-de-cervello\\\/\"]}]},{\"@type\":\"ImageObject\",\"inLanguage\":\"en-US\",\"@id\":\"https:\\\/\\\/tejasborja.com\\\/en\\\/project\\\/colonia-guell-santa-coloma-de-cervello\\\/#primaryimage\",\"url\":\"https:\\\/\\\/tejasborja.com\\\/wp-content\\\/uploads\\\/2024\\\/10\\\/Colonia-Guell_Tejas_Borja.jpg\",\"contentUrl\":\"https:\\\/\\\/tejasborja.com\\\/wp-content\\\/uploads\\\/2024\\\/10\\\/Colonia-Guell_Tejas_Borja.jpg\",\"width\":768,\"height\":576,\"caption\":\"Col\u00f2nia G\u00fcell \u2013 Santa Coloma de Cervell\u00f3\"},{\"@type\":\"BreadcrumbList\",\"@id\":\"https:\\\/\\\/tejasborja.com\\\/en\\\/project\\\/colonia-guell-santa-coloma-de-cervello\\\/#breadcrumb\",\"itemListElement\":[{\"@type\":\"ListItem\",\"position\":1,\"name\":\"Portada\",\"item\":\"https:\\\/\\\/tejasborja.com\\\/en\\\/\"},{\"@type\":\"ListItem\",\"position\":2,\"name\":\"Col\u00f2nia G\u00fcell &#8211; Santa Coloma de Cervell\u00f3\"}]},{\"@type\":\"WebSite\",\"@id\":\"https:\\\/\\\/tejasborja.com\\\/en\\\/#website\",\"url\":\"https:\\\/\\\/tejasborja.com\\\/en\\\/\",\"name\":\"Tejas Borja\",\"description\":\"TEJAS BORJA la gama m\u00e1s amplia de tejas cer\u00e1micas del mercado. Especialistas en tejas mixtas, tejas planas y tejas curvas tanto para rehabilitaci\u00f3n de cubiertas como para tejados de obra nueva. Una marca con m\u00e1s de 110 a\u00f1os de experiencia....\",\"publisher\":{\"@id\":\"https:\\\/\\\/tejasborja.com\\\/en\\\/#organization\"},\"potentialAction\":[{\"@type\":\"SearchAction\",\"target\":{\"@type\":\"EntryPoint\",\"urlTemplate\":\"https:\\\/\\\/tejasborja.com\\\/en\\\/?s={search_term_string}\"},\"query-input\":{\"@type\":\"PropertyValueSpecification\",\"valueRequired\":true,\"valueName\":\"search_term_string\"}}],\"inLanguage\":\"en-US\"},{\"@type\":\"Organization\",\"@id\":\"https:\\\/\\\/tejasborja.com\\\/en\\\/#organization\",\"name\":\"Tejas Borja\",\"url\":\"https:\\\/\\\/tejasborja.com\\\/en\\\/\",\"logo\":{\"@type\":\"ImageObject\",\"inLanguage\":\"en-US\",\"@id\":\"https:\\\/\\\/tejasborja.com\\\/en\\\/#\\\/schema\\\/logo\\\/image\\\/\",\"url\":\"https:\\\/\\\/tejasborja.com\\\/wp-content\\\/uploads\\\/2025\\\/08\\\/Logo-Tejas-Borja-Blanco-1.png\",\"contentUrl\":\"https:\\\/\\\/tejasborja.com\\\/wp-content\\\/uploads\\\/2025\\\/08\\\/Logo-Tejas-Borja-Blanco-1.png\",\"width\":150,\"height\":50,\"caption\":\"Tejas Borja\"},\"image\":{\"@id\":\"https:\\\/\\\/tejasborja.com\\\/en\\\/#\\\/schema\\\/logo\\\/image\\\/\"}}]}<\/script>\n<!-- \/ Yoast SEO plugin. -->","yoast_head_json":{"title":"Col\u00f2nia G\u00fcell - Santa Coloma de Cervell\u00f3 - Tejas Borja","robots":{"index":"index","follow":"follow","max-snippet":"max-snippet:-1","max-image-preview":"max-image-preview:large","max-video-preview":"max-video-preview:-1"},"canonical":"https:\/\/tejasborja.com\/en\/project\/colonia-guell-santa-coloma-de-cervello\/","og_locale":"en_US","og_type":"article","og_title":"Col\u00f2nia G\u00fcell - Santa Coloma de Cervell\u00f3 - Tejas Borja","og_description":"The Col\u00f2nia G\u00fcell roofing project has been done with&nbsp;Curved Celler\u00ae 50\u00d721 roofing tile, Centenaria\u00ae&nbsp;Ground&nbsp;finish. &lt;In 1990 the Colonia G\u00fcell was declared \u00abHeritage of Cultural Interest\u00bb by the Spanish government and the protection of some of its most relevant buildings was established as well as the building standards for the future.&gt; (fuente)","og_url":"https:\/\/tejasborja.com\/en\/project\/colonia-guell-santa-coloma-de-cervello\/","og_site_name":"Tejas Borja","article_modified_time":"2024-11-06T14:27:41+00:00","og_image":[{"width":768,"height":576,"url":"https:\/\/tejasborja.com\/wp-content\/uploads\/2024\/10\/Colonia-Guell_Tejas_Borja.jpg","type":"image\/jpeg"}],"twitter_card":"summary_large_image","schema":{"@context":"https:\/\/schema.org","@graph":[{"@type":"WebPage","@id":"https:\/\/tejasborja.com\/en\/project\/colonia-guell-santa-coloma-de-cervello\/","url":"https:\/\/tejasborja.com\/en\/project\/colonia-guell-santa-coloma-de-cervello\/","name":"Col\u00f2nia G\u00fcell - Santa Coloma de Cervell\u00f3 - Tejas Borja","isPartOf":{"@id":"https:\/\/tejasborja.com\/en\/#website"},"primaryImageOfPage":{"@id":"https:\/\/tejasborja.com\/en\/project\/colonia-guell-santa-coloma-de-cervello\/#primaryimage"},"image":{"@id":"https:\/\/tejasborja.com\/en\/project\/colonia-guell-santa-coloma-de-cervello\/#primaryimage"},"thumbnailUrl":"https:\/\/tejasborja.com\/wp-content\/uploads\/2024\/10\/Colonia-Guell_Tejas_Borja.jpg","datePublished":"2024-03-08T09:51:06+00:00","dateModified":"2024-11-06T14:27:41+00:00","breadcrumb":{"@id":"https:\/\/tejasborja.com\/en\/project\/colonia-guell-santa-coloma-de-cervello\/#breadcrumb"},"inLanguage":"en-US","potentialAction":[{"@type":"ReadAction","target":["https:\/\/tejasborja.com\/en\/project\/colonia-guell-santa-coloma-de-cervello\/"]}]},{"@type":"ImageObject","inLanguage":"en-US","@id":"https:\/\/tejasborja.com\/en\/project\/colonia-guell-santa-coloma-de-cervello\/#primaryimage","url":"https:\/\/tejasborja.com\/wp-content\/uploads\/2024\/10\/Colonia-Guell_Tejas_Borja.jpg","contentUrl":"https:\/\/tejasborja.com\/wp-content\/uploads\/2024\/10\/Colonia-Guell_Tejas_Borja.jpg","width":768,"height":576,"caption":"Col\u00f2nia G\u00fcell \u2013 Santa Coloma de Cervell\u00f3"},{"@type":"BreadcrumbList","@id":"https:\/\/tejasborja.com\/en\/project\/colonia-guell-santa-coloma-de-cervello\/#breadcrumb","itemListElement":[{"@type":"ListItem","position":1,"name":"Portada","item":"https:\/\/tejasborja.com\/en\/"},{"@type":"ListItem","position":2,"name":"Col\u00f2nia G\u00fcell &#8211; Santa Coloma de Cervell\u00f3"}]},{"@type":"WebSite","@id":"https:\/\/tejasborja.com\/en\/#website","url":"https:\/\/tejasborja.com\/en\/","name":"Tejas Borja","description":"TEJAS BORJA la gama m\u00e1s amplia de tejas cer\u00e1micas del mercado. Especialistas en tejas mixtas, tejas planas y tejas curvas tanto para rehabilitaci\u00f3n de cubiertas como para tejados de obra nueva. Una marca con m\u00e1s de 110 a\u00f1os de experiencia....","publisher":{"@id":"https:\/\/tejasborja.com\/en\/#organization"},"potentialAction":[{"@type":"SearchAction","target":{"@type":"EntryPoint","urlTemplate":"https:\/\/tejasborja.com\/en\/?s={search_term_string}"},"query-input":{"@type":"PropertyValueSpecification","valueRequired":true,"valueName":"search_term_string"}}],"inLanguage":"en-US"},{"@type":"Organization","@id":"https:\/\/tejasborja.com\/en\/#organization","name":"Tejas Borja","url":"https:\/\/tejasborja.com\/en\/","logo":{"@type":"ImageObject","inLanguage":"en-US","@id":"https:\/\/tejasborja.com\/en\/#\/schema\/logo\/image\/","url":"https:\/\/tejasborja.com\/wp-content\/uploads\/2025\/08\/Logo-Tejas-Borja-Blanco-1.png","contentUrl":"https:\/\/tejasborja.com\/wp-content\/uploads\/2025\/08\/Logo-Tejas-Borja-Blanco-1.png","width":150,"height":50,"caption":"Tejas Borja"},"image":{"@id":"https:\/\/tejasborja.com\/en\/#\/schema\/logo\/image\/"}}]}},"_links":{"self":[{"href":"https:\/\/tejasborja.com\/en\/wp-json\/wp\/v2\/proyecto\/35449","targetHints":{"allow":["GET"]}}],"collection":[{"href":"https:\/\/tejasborja.com\/en\/wp-json\/wp\/v2\/proyecto"}],"about":[{"href":"https:\/\/tejasborja.com\/en\/wp-json\/wp\/v2\/types\/proyecto"}],"wp:featuredmedia":[{"embeddable":true,"href":"https:\/\/tejasborja.com\/en\/wp-json\/wp\/v2\/media\/14030"}],"wp:attachment":[{"href":"https:\/\/tejasborja.com\/en\/wp-json\/wp\/v2\/media?parent=35449"}],"wp:term":[{"taxonomy":"proyecto-categoria","embeddable":true,"href":"https:\/\/tejasborja.com\/en\/wp-json\/wp\/v2\/proyecto-categoria?post=35449"},{"taxonomy":"proyecto-pais","embeddable":true,"href":"https:\/\/tejasborja.com\/en\/wp-json\/wp\/v2\/proyecto-pais?post=35449"},{"taxonomy":"proyecto-tipo","embeddable":true,"href":"https:\/\/tejasborja.com\/en\/wp-json\/wp\/v2\/proyecto-tipo?post=35449"}],"curies":[{"name":"wp","href":"https:\/\/api.w.org\/{rel}","templated":true}]}}