{"id":36288,"date":"2024-10-01T13:00:11","date_gmt":"2024-10-01T11:00:11","guid":{"rendered":"https:\/\/tejasborja.com\/complemento\/placa-fibrocemento-reforzada-234\/"},"modified":"2024-11-07T07:59:09","modified_gmt":"2024-11-07T06:59:09","slug":"plaque-ondulee-en-fibrociment-234","status":"publish","type":"complemento","link":"https:\/\/tejasborja.com\/fr\/composant-pour-toitures\/plaque-ondulee-en-fibrociment-234\/","title":{"rendered":"Plaque Ondul\u00e9e en Fibrociment 234"},"content":{"rendered":"\n<div id=\"HeaderAcabado-block_943852c838f5fb07d213d50757dc20f0\" class=\"HeaderAcabado\" style=\"background-color: ;\">\n    <div class=\"container\">\n        <div class=\"row\">\n            <div class=\"col-12\">\n                                <div class=\"breadcrumb\">\n                                <a href=\"https:\/\/tejasborja.com\/fr\/composants\/\" alt=\"Composants\" class=\"item\">Composants<\/a>\n                 \/                 <a href=\"https:\/\/tejasborja.com\/fr\/composants\/impermeabilisation\/\" alt=\"Imperm\u00e9abilisation\" class=\"item\">Imperm\u00e9abilisation<\/a>\n                                <\/div>\n                                <div class=\"titulo text3XL\"> <h1 class='titulo'>Plaque Ondul\u00e9e en Fibrociment 234<\/h1>\n<\/div>\n                <div class=\"texto col-lg-9\">\n                                    <\/div>\n            <\/div>\n        <\/div>\n    <\/div>\n<\/div>\n\n\n\n<div id=\"Contenedor-block_0ab075a358d20194d7888a0d816416d9\" class=\"Contenedor\" style=\"background-color: \">\n\n    <div class=\"container p-0\">\n        <div class=\"acf-innerblocks-container\">\n\n<div class=\"wp-block-columns is-layout-flex wp-container-core-columns-is-layout-9d6595d7 wp-block-columns-is-layout-flex\">\n<div class=\"wp-block-column is-layout-flow wp-block-column-is-layout-flow\">\n<div id=\"Slider-block_909fba77c2375c2a07003b634fb94375\" class=\"Slider producto normal-top\" style=\"background-color: \">\n\n            <div class=\"container\">\n            <div class=\"row\">\n                <div class=\"col-12\">\n                    <div class=\"swiper swiperImage\">\n                        <div class=\"swiper-wrapper\">\n                                                            <div class=\"swiper-slide\">\n                                    <a href=\"https:\/\/tejasborja.com\/wp-content\/uploads\/2024\/10\/IMPERMEABILIZACION-placa-fibrocemento-234.webp\" class=\"image\" data-lightbox=\"image-Slider-block_909fba77c2375c2a07003b634fb94375\">\n                                        <img decoding=\"async\" data-src=\"https:\/\/tejasborja.com\/wp-content\/uploads\/2024\/10\/IMPERMEABILIZACION-placa-fibrocemento-234.webp\" alt=\"\" src=\"data:image\/svg+xml;base64,PHN2ZyB3aWR0aD0iMSIgaGVpZ2h0PSIxIiB4bWxucz0iaHR0cDovL3d3dy53My5vcmcvMjAwMC9zdmciPjwvc3ZnPg==\" class=\"lazyload\" style=\"--smush-placeholder-width: 500px; --smush-placeholder-aspect-ratio: 500\/500;\" \/>\n                                    <\/a>\n                                <\/div>\n                                                    <\/div>\n                        <div class=\"swiper-button-next\"><img decoding=\"async\" data-src=\"https:\/\/tejasborja.com\/wp-content\/themes\/tejasborja\/assets\/images\/swiper-gallery-next-arrow.svg\" src=\"data:image\/svg+xml;base64,PHN2ZyB3aWR0aD0iMSIgaGVpZ2h0PSIxIiB4bWxucz0iaHR0cDovL3d3dy53My5vcmcvMjAwMC9zdmciPjwvc3ZnPg==\" class=\"lazyload\" \/><\/div>\n                        <div class=\"swiper-button-prev\"><img decoding=\"async\" data-src=\"https:\/\/tejasborja.com\/wp-content\/themes\/tejasborja\/assets\/images\/swiper-gallery-prev-arrow.svg\" src=\"data:image\/svg+xml;base64,PHN2ZyB3aWR0aD0iMSIgaGVpZ2h0PSIxIiB4bWxucz0iaHR0cDovL3d3dy53My5vcmcvMjAwMC9zdmciPjwvc3ZnPg==\" class=\"lazyload\" \/><\/div>\n                    <\/div>\n                <\/div>\n            <\/div>\n            <div class=\"row\">\n                <div class=\"col-12\">\n                    <div class=\"swiper swiperThumb\">\n                        <div class=\"swiper-wrapper\">\n                                                            <div class=\"swiper-slide\">\n                                    <div class=\"image\">\n                                        <img decoding=\"async\" data-src=\"https:\/\/tejasborja.com\/wp-content\/uploads\/2024\/10\/IMPERMEABILIZACION-placa-fibrocemento-234.webp\" alt=\"\" src=\"data:image\/svg+xml;base64,PHN2ZyB3aWR0aD0iMSIgaGVpZ2h0PSIxIiB4bWxucz0iaHR0cDovL3d3dy53My5vcmcvMjAwMC9zdmciPjwvc3ZnPg==\" class=\"lazyload\" style=\"--smush-placeholder-width: 500px; --smush-placeholder-aspect-ratio: 500\/500;\" \/>\n                                    <\/div>\n                                <\/div>\n                                                    <\/div>\n                    <\/div>\n                <\/div>\n            <\/div>\n        <\/div>\n        <\/div>\n<\/div>\n\n\n\n<div class=\"wp-block-column is-layout-flow wp-block-column-is-layout-flow\">\n<div id=\"TituloTexto-block_a3b7a43fe5a3a6a366cc89a35cef9fd5\" class=\"TituloTexto v1 withPadding withPaddingTop \" style=\"background-color: \">\n    <div class=\"container\">\n        <div class=\"row\">\n            <div class=\"col-12\">\n                <div class=\"titulo\" style=\"margin-bottom: 5px\"><p class='textLG'>Description<\/p>\n<\/div>\n                <div class=\"texto textBody\"><p>Les plaques de fibrociment sont conformes \u00e0 la norme europ\u00e9enne UNE EN 494 en vigueur. Elles sont adapt\u00e9s\u00a0pour les toits de b\u00e2timents industriels, agricoles et civils. La haute qualit\u00e9 de la plaque est garantie par un m\u00e9lange\u00a0compos\u00e9 de ciment, de fibres synth\u00e9tiques PVA et de fibres organiques, qui sont le r\u00e9sultat d&rsquo;ann\u00e9es de tests et\u00a0de contr\u00f4les. Les plaques sont renforc\u00e9s avec des bandes de polypropyl\u00e8ne haute r\u00e9sistance pour fournir toute\u00a0la s\u00e9curit\u00e9 a l\u2019installateurs. La pression de la plaque permet d\u2019obtenir une r\u00e9sistance m\u00e9canique \u00e9lev\u00e9e avec des\u00a0entraxes jusqu&rsquo;\u00e0 140 cm, r\u00e9sistante aux surcharges les plus difficile du a la neige et au vent. Pesant moins de 15\u00a0kg\/m2 elle peut \u00eatre pos\u00e9 sur des structures m\u00e9tallique, de b\u00e9ton ou en bois.<\/p>\n<\/div>\n            <\/div>\n        <\/div>\n    <\/div>\n<\/div>\n<\/div>\n<\/div>\n\n<\/div>\n    <\/div>\n\n<\/div>\n\n\n\n<div id=\"Contenedor-block_0ab075a358d20194d7888a0d816416d9\" class=\"Contenedor\" style=\"background-color: \">\n\n    <div class=\"container p-0\">\n        <div class=\"acf-innerblocks-container\">\n\n<div class=\"wp-block-columns is-layout-flex wp-container-core-columns-is-layout-9d6595d7 wp-block-columns-is-layout-flex\">\n<div class=\"wp-block-column is-layout-flow wp-block-column-is-layout-flow\">\n<div id=\"TablaProductos-block_012a1794610d5381ecc2db9cdb6d7782\" class=\"TablaProductos v2\">\n                    <div class=\"container\">\n            <div class=\"row\">\n                <div class=\"col-12\">\n                    <div>\n                        <div class=\"blockInfo\">\n                            <div class=\"titulo textLG\">Principales caract\u00e9ristiques<\/div>\n                                                    <\/div>\n                            <div class=\"table-responsive\">\n                                <table class=\"tableContainer table\">\n                                    <thead>\n                                    <tr>\n                                                                                <th>\n                                            R\u00c9F\u00c9RENCES                                        <\/th>\n                                                                                <th>\n                                            MESURES                                        <\/th>\n                                                                                <th>\n                                            PALET                                        <\/th>\n                                                                            <\/tr>\n                                    <\/thead>\n                                    <tbody>\n                                    <tr>\n                                                                                    <td>\n                                                <p>7\/0930<\/p>\n                                            <\/td>\n                                                                                    <td>\n                                                <p>0,98 x 1,65 m<\/p>\n                                            <\/td>\n                                                                                    <td>\n                                                <p>60\u00a0\u00a0uds<\/p>\n                                            <\/td>\n                                                                            <\/tr>\n                                    <\/tbody>\n                                <\/table>\n                            <\/div>\n                    <\/div>\n                <\/div>\n            <\/div>\n        <\/div>\n\n        <\/div>\n<\/div>\n\n\n\n<div class=\"wp-block-column is-layout-flow wp-block-column-is-layout-flow\">\n\n\n<figure class=\"wp-block-image size-full is-resized\"><img decoding=\"async\" width=\"300\" height=\"207\" data-src=\"https:\/\/tejasborja.com\/wp-content\/uploads\/2024\/07\/certificado-ce.webp\" alt=\"\" class=\"wp-image-5066 lazyload\" style=\"--smush-placeholder-width: 300px; --smush-placeholder-aspect-ratio: 300\/207;width:auto;height:30px\" src=\"data:image\/svg+xml;base64,PHN2ZyB3aWR0aD0iMSIgaGVpZ2h0PSIxIiB4bWxucz0iaHR0cDovL3d3dy53My5vcmcvMjAwMC9zdmciPjwvc3ZnPg==\" \/><\/figure>\n<\/div>\n<\/div>\n\n<\/div>\n    <\/div>\n\n<\/div>\n","protected":false},"excerpt":{"rendered":"","protected":false},"featured_media":28123,"template":"","meta":{"_acf_changed":false,"_eb_attr":"","footnotes":""},"complemento-categoria":[621],"class_list":["post-36288","complemento","type-complemento","status-publish","has-post-thumbnail","hentry","complemento-categoria-impermeabilisation"],"acf":[],"yoast_head":"<!-- This site is optimized with the Yoast SEO plugin v27.3 - https:\/\/yoast.com\/product\/yoast-seo-wordpress\/ -->\n<title>Plaque Ondul\u00e9e en Fibrociment 234 - Tejas Borja<\/title>\n<meta name=\"robots\" content=\"index, follow, max-snippet:-1, max-image-preview:large, max-video-preview:-1\" \/>\n<link rel=\"canonical\" href=\"https:\/\/tejasborja.com\/fr\/composant-pour-toitures\/plaque-ondulee-en-fibrociment-234\/\" \/>\n<meta property=\"og:locale\" content=\"fr_FR\" \/>\n<meta property=\"og:type\" content=\"article\" \/>\n<meta property=\"og:title\" content=\"Plaque Ondul\u00e9e en Fibrociment 234 - Tejas Borja\" \/>\n<meta property=\"og:url\" content=\"https:\/\/tejasborja.com\/fr\/composant-pour-toitures\/plaque-ondulee-en-fibrociment-234\/\" \/>\n<meta property=\"og:site_name\" content=\"Tejas Borja\" \/>\n<meta property=\"article:modified_time\" content=\"2024-11-07T06:59:09+00:00\" \/>\n<meta property=\"og:image\" content=\"https:\/\/tejasborja.com\/wp-content\/uploads\/2024\/10\/IMPERMEABILIZACION-placa-fibrocemento-234.webp\" \/>\n\t<meta property=\"og:image:width\" content=\"500\" \/>\n\t<meta property=\"og:image:height\" content=\"500\" \/>\n\t<meta property=\"og:image:type\" content=\"image\/webp\" \/>\n<meta name=\"twitter:card\" content=\"summary_large_image\" \/>\n<script type=\"application\/ld+json\" class=\"yoast-schema-graph\">{\"@context\":\"https:\\\/\\\/schema.org\",\"@graph\":[{\"@type\":\"WebPage\",\"@id\":\"https:\\\/\\\/tejasborja.com\\\/fr\\\/composant-pour-toitures\\\/plaque-ondulee-en-fibrociment-234\\\/\",\"url\":\"https:\\\/\\\/tejasborja.com\\\/fr\\\/composant-pour-toitures\\\/plaque-ondulee-en-fibrociment-234\\\/\",\"name\":\"Plaque Ondul\u00e9e en Fibrociment 234 - Tejas Borja\",\"isPartOf\":{\"@id\":\"https:\\\/\\\/tejasborja.com\\\/fr\\\/#website\"},\"primaryImageOfPage\":{\"@id\":\"https:\\\/\\\/tejasborja.com\\\/fr\\\/composant-pour-toitures\\\/plaque-ondulee-en-fibrociment-234\\\/#primaryimage\"},\"image\":{\"@id\":\"https:\\\/\\\/tejasborja.com\\\/fr\\\/composant-pour-toitures\\\/plaque-ondulee-en-fibrociment-234\\\/#primaryimage\"},\"thumbnailUrl\":\"https:\\\/\\\/tejasborja.com\\\/wp-content\\\/uploads\\\/2024\\\/10\\\/IMPERMEABILIZACION-placa-fibrocemento-234.webp\",\"datePublished\":\"2024-10-01T11:00:11+00:00\",\"dateModified\":\"2024-11-07T06:59:09+00:00\",\"breadcrumb\":{\"@id\":\"https:\\\/\\\/tejasborja.com\\\/fr\\\/composant-pour-toitures\\\/plaque-ondulee-en-fibrociment-234\\\/#breadcrumb\"},\"inLanguage\":\"fr-FR\",\"potentialAction\":[{\"@type\":\"ReadAction\",\"target\":[\"https:\\\/\\\/tejasborja.com\\\/fr\\\/composant-pour-toitures\\\/plaque-ondulee-en-fibrociment-234\\\/\"]}]},{\"@type\":\"ImageObject\",\"inLanguage\":\"fr-FR\",\"@id\":\"https:\\\/\\\/tejasborja.com\\\/fr\\\/composant-pour-toitures\\\/plaque-ondulee-en-fibrociment-234\\\/#primaryimage\",\"url\":\"https:\\\/\\\/tejasborja.com\\\/wp-content\\\/uploads\\\/2024\\\/10\\\/IMPERMEABILIZACION-placa-fibrocemento-234.webp\",\"contentUrl\":\"https:\\\/\\\/tejasborja.com\\\/wp-content\\\/uploads\\\/2024\\\/10\\\/IMPERMEABILIZACION-placa-fibrocemento-234.webp\",\"width\":500,\"height\":500},{\"@type\":\"BreadcrumbList\",\"@id\":\"https:\\\/\\\/tejasborja.com\\\/fr\\\/composant-pour-toitures\\\/plaque-ondulee-en-fibrociment-234\\\/#breadcrumb\",\"itemListElement\":[{\"@type\":\"ListItem\",\"position\":1,\"name\":\"Portada\",\"item\":\"https:\\\/\\\/tejasborja.com\\\/fr\\\/\"},{\"@type\":\"ListItem\",\"position\":2,\"name\":\"Plaque Ondul\u00e9e en Fibrociment 234\"}]},{\"@type\":\"WebSite\",\"@id\":\"https:\\\/\\\/tejasborja.com\\\/fr\\\/#website\",\"url\":\"https:\\\/\\\/tejasborja.com\\\/fr\\\/\",\"name\":\"Tejas Borja\",\"description\":\"TEJAS BORJA la gama m\u00e1s amplia de tejas cer\u00e1micas del mercado. Especialistas en tejas mixtas, tejas planas y tejas curvas tanto para rehabilitaci\u00f3n de cubiertas como para tejados de obra nueva. Una marca con m\u00e1s de 110 a\u00f1os de experiencia....\",\"publisher\":{\"@id\":\"https:\\\/\\\/tejasborja.com\\\/fr\\\/#organization\"},\"potentialAction\":[{\"@type\":\"SearchAction\",\"target\":{\"@type\":\"EntryPoint\",\"urlTemplate\":\"https:\\\/\\\/tejasborja.com\\\/fr\\\/?s={search_term_string}\"},\"query-input\":{\"@type\":\"PropertyValueSpecification\",\"valueRequired\":true,\"valueName\":\"search_term_string\"}}],\"inLanguage\":\"fr-FR\"},{\"@type\":\"Organization\",\"@id\":\"https:\\\/\\\/tejasborja.com\\\/fr\\\/#organization\",\"name\":\"Tejas Borja\",\"url\":\"https:\\\/\\\/tejasborja.com\\\/fr\\\/\",\"logo\":{\"@type\":\"ImageObject\",\"inLanguage\":\"fr-FR\",\"@id\":\"https:\\\/\\\/tejasborja.com\\\/fr\\\/#\\\/schema\\\/logo\\\/image\\\/\",\"url\":\"https:\\\/\\\/tejasborja.com\\\/wp-content\\\/uploads\\\/2025\\\/08\\\/Logo-Tejas-Borja-Blanco-1.png\",\"contentUrl\":\"https:\\\/\\\/tejasborja.com\\\/wp-content\\\/uploads\\\/2025\\\/08\\\/Logo-Tejas-Borja-Blanco-1.png\",\"width\":150,\"height\":50,\"caption\":\"Tejas Borja\"},\"image\":{\"@id\":\"https:\\\/\\\/tejasborja.com\\\/fr\\\/#\\\/schema\\\/logo\\\/image\\\/\"}}]}<\/script>\n<!-- \/ Yoast SEO plugin. -->","yoast_head_json":{"title":"Plaque Ondul\u00e9e en Fibrociment 234 - Tejas Borja","robots":{"index":"index","follow":"follow","max-snippet":"max-snippet:-1","max-image-preview":"max-image-preview:large","max-video-preview":"max-video-preview:-1"},"canonical":"https:\/\/tejasborja.com\/fr\/composant-pour-toitures\/plaque-ondulee-en-fibrociment-234\/","og_locale":"fr_FR","og_type":"article","og_title":"Plaque Ondul\u00e9e en Fibrociment 234 - Tejas Borja","og_url":"https:\/\/tejasborja.com\/fr\/composant-pour-toitures\/plaque-ondulee-en-fibrociment-234\/","og_site_name":"Tejas Borja","article_modified_time":"2024-11-07T06:59:09+00:00","og_image":[{"width":500,"height":500,"url":"https:\/\/tejasborja.com\/wp-content\/uploads\/2024\/10\/IMPERMEABILIZACION-placa-fibrocemento-234.webp","type":"image\/webp"}],"twitter_card":"summary_large_image","schema":{"@context":"https:\/\/schema.org","@graph":[{"@type":"WebPage","@id":"https:\/\/tejasborja.com\/fr\/composant-pour-toitures\/plaque-ondulee-en-fibrociment-234\/","url":"https:\/\/tejasborja.com\/fr\/composant-pour-toitures\/plaque-ondulee-en-fibrociment-234\/","name":"Plaque Ondul\u00e9e en Fibrociment 234 - Tejas Borja","isPartOf":{"@id":"https:\/\/tejasborja.com\/fr\/#website"},"primaryImageOfPage":{"@id":"https:\/\/tejasborja.com\/fr\/composant-pour-toitures\/plaque-ondulee-en-fibrociment-234\/#primaryimage"},"image":{"@id":"https:\/\/tejasborja.com\/fr\/composant-pour-toitures\/plaque-ondulee-en-fibrociment-234\/#primaryimage"},"thumbnailUrl":"https:\/\/tejasborja.com\/wp-content\/uploads\/2024\/10\/IMPERMEABILIZACION-placa-fibrocemento-234.webp","datePublished":"2024-10-01T11:00:11+00:00","dateModified":"2024-11-07T06:59:09+00:00","breadcrumb":{"@id":"https:\/\/tejasborja.com\/fr\/composant-pour-toitures\/plaque-ondulee-en-fibrociment-234\/#breadcrumb"},"inLanguage":"fr-FR","potentialAction":[{"@type":"ReadAction","target":["https:\/\/tejasborja.com\/fr\/composant-pour-toitures\/plaque-ondulee-en-fibrociment-234\/"]}]},{"@type":"ImageObject","inLanguage":"fr-FR","@id":"https:\/\/tejasborja.com\/fr\/composant-pour-toitures\/plaque-ondulee-en-fibrociment-234\/#primaryimage","url":"https:\/\/tejasborja.com\/wp-content\/uploads\/2024\/10\/IMPERMEABILIZACION-placa-fibrocemento-234.webp","contentUrl":"https:\/\/tejasborja.com\/wp-content\/uploads\/2024\/10\/IMPERMEABILIZACION-placa-fibrocemento-234.webp","width":500,"height":500},{"@type":"BreadcrumbList","@id":"https:\/\/tejasborja.com\/fr\/composant-pour-toitures\/plaque-ondulee-en-fibrociment-234\/#breadcrumb","itemListElement":[{"@type":"ListItem","position":1,"name":"Portada","item":"https:\/\/tejasborja.com\/fr\/"},{"@type":"ListItem","position":2,"name":"Plaque Ondul\u00e9e en Fibrociment 234"}]},{"@type":"WebSite","@id":"https:\/\/tejasborja.com\/fr\/#website","url":"https:\/\/tejasborja.com\/fr\/","name":"Tejas Borja","description":"TEJAS BORJA la gama m\u00e1s amplia de tejas cer\u00e1micas del mercado. Especialistas en tejas mixtas, tejas planas y tejas curvas tanto para rehabilitaci\u00f3n de cubiertas como para tejados de obra nueva. Una marca con m\u00e1s de 110 a\u00f1os de experiencia....","publisher":{"@id":"https:\/\/tejasborja.com\/fr\/#organization"},"potentialAction":[{"@type":"SearchAction","target":{"@type":"EntryPoint","urlTemplate":"https:\/\/tejasborja.com\/fr\/?s={search_term_string}"},"query-input":{"@type":"PropertyValueSpecification","valueRequired":true,"valueName":"search_term_string"}}],"inLanguage":"fr-FR"},{"@type":"Organization","@id":"https:\/\/tejasborja.com\/fr\/#organization","name":"Tejas Borja","url":"https:\/\/tejasborja.com\/fr\/","logo":{"@type":"ImageObject","inLanguage":"fr-FR","@id":"https:\/\/tejasborja.com\/fr\/#\/schema\/logo\/image\/","url":"https:\/\/tejasborja.com\/wp-content\/uploads\/2025\/08\/Logo-Tejas-Borja-Blanco-1.png","contentUrl":"https:\/\/tejasborja.com\/wp-content\/uploads\/2025\/08\/Logo-Tejas-Borja-Blanco-1.png","width":150,"height":50,"caption":"Tejas Borja"},"image":{"@id":"https:\/\/tejasborja.com\/fr\/#\/schema\/logo\/image\/"}}]}},"_links":{"self":[{"href":"https:\/\/tejasborja.com\/fr\/wp-json\/wp\/v2\/complemento\/36288","targetHints":{"allow":["GET"]}}],"collection":[{"href":"https:\/\/tejasborja.com\/fr\/wp-json\/wp\/v2\/complemento"}],"about":[{"href":"https:\/\/tejasborja.com\/fr\/wp-json\/wp\/v2\/types\/complemento"}],"version-history":[{"count":0,"href":"https:\/\/tejasborja.com\/fr\/wp-json\/wp\/v2\/complemento\/36288\/revisions"}],"wp:featuredmedia":[{"embeddable":true,"href":"https:\/\/tejasborja.com\/fr\/wp-json\/wp\/v2\/media\/28123"}],"wp:attachment":[{"href":"https:\/\/tejasborja.com\/fr\/wp-json\/wp\/v2\/media?parent=36288"}],"wp:term":[{"taxonomy":"complemento-categoria","embeddable":true,"href":"https:\/\/tejasborja.com\/fr\/wp-json\/wp\/v2\/complemento-categoria?post=36288"}],"curies":[{"name":"wp","href":"https:\/\/api.w.org\/{rel}","templated":true}]}}