{"id":35784,"date":"2024-11-19T10:51:06","date_gmt":"2024-11-19T09:51:06","guid":{"rendered":"https:\/\/tejasborja.com\/proyecto\/tejas-solares-y-borjasat\/"},"modified":"2026-04-28T16:08:00","modified_gmt":"2026-04-28T14:08:00","slug":"renovation-energetique-tuiles-terre-cuite-solaires","status":"publish","type":"proyecto","link":"https:\/\/tejasborja.com\/fr\/projet\/renovation-energetique-tuiles-terre-cuite-solaires\/","title":{"rendered":"R\u00e9novation \u00e9nerg\u00e9tique : la mairie de Ville d\u2019Aranda de Duero"},"content":{"rendered":"\n<p>Dans le but de garantir une r\u00e9novation \u00e9nerg\u00e9tique \u00e0 haute performance et une approche durable, Tejas Borja a \u00e9t\u00e9 choisi comme fournisseur des mat\u00e9riaux et des solutions. La premi\u00e8re \u00e9tape a consist\u00e9 \u00e0 retirer l\u2019ardoise et les \u00e9l\u00e9ments existants afin de laisser place \u00e0 une nouvelle toiture innovante et performante. Le syst\u00e8me d\u2019isolation de toiture <strong>BORJASAT<\/strong> a \u00e9t\u00e9 retenu, offrant une solution technique compl\u00e8te et facile \u00e0 mettre en \u0153uvre, r\u00e9duisant consid\u00e9rablement les d\u00e9lais d\u2019ex\u00e9cution sur chantier.<\/p>\n\n\n\n<p>En plus de l\u2019am\u00e9lioration de l\u2019isolation et de l\u2019\u00e9tanch\u00e9it\u00e9, la r\u00e9novation a \u00e9galement permis d\u2019int\u00e9grer un syst\u00e8me de captation d\u2019\u00e9nergie solaire photovolta\u00efque gr\u00e2ce \u00e0 des tuiles solaires. Cette d\u00e9cision repr\u00e9sente une avanc\u00e9e majeure vers la r\u00e9duction de la consommation d\u2019\u00e9nergie du r\u00e9seau et la diminution des \u00e9missions de gaz \u00e0 effet de serre. Les tuiles solaires utilis\u00e9es dans le projet, issues de la gamme \u00ab Flat \u00bb de Tejas Borja, offrent une production d\u2019\u00e9nergie photovolta\u00efque parfaitement int\u00e9gr\u00e9e aux toitures en tuiles terre cuite plates. La tuile terre cuite <strong>SOLAR Flat-5XL<\/strong>, dot\u00e9e de la technologie monocristalline et d\u2019un rendement de 23 Wp\/Ud, a permis une captation de 5,5 unit\u00e9s\/m\u00b2, offrant un design exclusif et unique au monde.<\/p>\n\n\n\n<p>La r\u00e9novation \u00e9nerg\u00e9tique de la Maison Consistoriale d\u2019Aranda de Duero constitue une r\u00e9ussite majeure en mati\u00e8re de durabilit\u00e9 et d\u2019efficacit\u00e9 \u00e9nerg\u00e9tique. Gr\u00e2ce \u00e0 son approche bas\u00e9e sur des solutions solaires et une isolation thermique de pointe, ce projet exemplaire a laiss\u00e9 une empreinte positive sur le patrimoine historique et dans la lutte contre le changement climatique, ouvrant la voie vers un avenir plus durable et responsable dans la gestion des b\u00e2timents publics.<\/p>\n","protected":false},"featured_media":53812,"template":"","meta":{"_acf_changed":false,"_eb_attr":""},"proyecto-categoria":[452],"proyecto-pais":[454],"proyecto-tipo":[456],"class_list":["post-35784","proyecto","type-proyecto","status-publish","has-post-thumbnail","hentry","proyecto-categoria-renovation","proyecto-pais-espagne","proyecto-tipo-batiment-public"],"acf":[],"yoast_head":"<!-- This site is optimized with the Yoast SEO plugin v27.3 - https:\/\/yoast.com\/product\/yoast-seo-wordpress\/ -->\n<title>R\u00e9novation \u00e9nerg\u00e9tique : la mairie de Ville d\u2019Aranda de Duero - Tejas Borja<\/title>\n<meta name=\"robots\" content=\"index, follow, max-snippet:-1, max-image-preview:large, max-video-preview:-1\" \/>\n<link rel=\"canonical\" href=\"https:\/\/tejasborja.com\/fr\/projet\/renovation-energetique-tuiles-terre-cuite-solaires\/\" \/>\n<meta property=\"og:locale\" content=\"fr_FR\" \/>\n<meta property=\"og:type\" content=\"article\" \/>\n<meta property=\"og:title\" content=\"R\u00e9novation \u00e9nerg\u00e9tique : la mairie de Ville d\u2019Aranda de Duero - Tejas Borja\" \/>\n<meta property=\"og:description\" content=\"Dans le but de garantir une r\u00e9novation \u00e9nerg\u00e9tique \u00e0 haute performance et une approche durable, Tejas Borja a \u00e9t\u00e9 choisi comme fournisseur des mat\u00e9riaux et des solutions. La premi\u00e8re \u00e9tape a consist\u00e9 \u00e0 retirer l\u2019ardoise et les \u00e9l\u00e9ments existants afin de laisser place \u00e0 une nouvelle toiture innovante et performante. Le syst\u00e8me d\u2019isolation de toiture [&hellip;]\" \/>\n<meta property=\"og:url\" content=\"https:\/\/tejasborja.com\/fr\/projet\/renovation-energetique-tuiles-terre-cuite-solaires\/\" \/>\n<meta property=\"og:site_name\" content=\"Tejas Borja\" \/>\n<meta property=\"article:modified_time\" content=\"2026-04-28T14:08:00+00:00\" \/>\n<meta property=\"og:image\" content=\"https:\/\/tejasborja.com\/wp-content\/uploads\/2026\/04\/aranda-del-duero.jpg\" \/>\n\t<meta property=\"og:image:width\" content=\"1736\" \/>\n\t<meta property=\"og:image:height\" content=\"1736\" \/>\n\t<meta property=\"og:image:type\" content=\"image\/jpeg\" \/>\n<meta name=\"twitter:card\" content=\"summary_large_image\" \/>\n<script type=\"application\/ld+json\" class=\"yoast-schema-graph\">{\"@context\":\"https:\\\/\\\/schema.org\",\"@graph\":[{\"@type\":\"WebPage\",\"@id\":\"https:\\\/\\\/tejasborja.com\\\/fr\\\/projet\\\/renovation-energetique-tuiles-terre-cuite-solaires\\\/\",\"url\":\"https:\\\/\\\/tejasborja.com\\\/fr\\\/projet\\\/renovation-energetique-tuiles-terre-cuite-solaires\\\/\",\"name\":\"R\u00e9novation \u00e9nerg\u00e9tique : la mairie de Ville d\u2019Aranda de Duero - Tejas Borja\",\"isPartOf\":{\"@id\":\"https:\\\/\\\/tejasborja.com\\\/fr\\\/#website\"},\"primaryImageOfPage\":{\"@id\":\"https:\\\/\\\/tejasborja.com\\\/fr\\\/projet\\\/renovation-energetique-tuiles-terre-cuite-solaires\\\/#primaryimage\"},\"image\":{\"@id\":\"https:\\\/\\\/tejasborja.com\\\/fr\\\/projet\\\/renovation-energetique-tuiles-terre-cuite-solaires\\\/#primaryimage\"},\"thumbnailUrl\":\"https:\\\/\\\/tejasborja.com\\\/wp-content\\\/uploads\\\/2026\\\/04\\\/aranda-del-duero.jpg\",\"datePublished\":\"2024-11-19T09:51:06+00:00\",\"dateModified\":\"2026-04-28T14:08:00+00:00\",\"breadcrumb\":{\"@id\":\"https:\\\/\\\/tejasborja.com\\\/fr\\\/projet\\\/renovation-energetique-tuiles-terre-cuite-solaires\\\/#breadcrumb\"},\"inLanguage\":\"fr-FR\",\"potentialAction\":[{\"@type\":\"ReadAction\",\"target\":[\"https:\\\/\\\/tejasborja.com\\\/fr\\\/projet\\\/renovation-energetique-tuiles-terre-cuite-solaires\\\/\"]}]},{\"@type\":\"ImageObject\",\"inLanguage\":\"fr-FR\",\"@id\":\"https:\\\/\\\/tejasborja.com\\\/fr\\\/projet\\\/renovation-energetique-tuiles-terre-cuite-solaires\\\/#primaryimage\",\"url\":\"https:\\\/\\\/tejasborja.com\\\/wp-content\\\/uploads\\\/2026\\\/04\\\/aranda-del-duero.jpg\",\"contentUrl\":\"https:\\\/\\\/tejasborja.com\\\/wp-content\\\/uploads\\\/2026\\\/04\\\/aranda-del-duero.jpg\",\"width\":1736,\"height\":1736},{\"@type\":\"BreadcrumbList\",\"@id\":\"https:\\\/\\\/tejasborja.com\\\/fr\\\/projet\\\/renovation-energetique-tuiles-terre-cuite-solaires\\\/#breadcrumb\",\"itemListElement\":[{\"@type\":\"ListItem\",\"position\":1,\"name\":\"Portada\",\"item\":\"https:\\\/\\\/tejasborja.com\\\/fr\\\/\"},{\"@type\":\"ListItem\",\"position\":2,\"name\":\"R\u00e9novation \u00e9nerg\u00e9tique : la mairie de Ville d\u2019Aranda de Duero\"}]},{\"@type\":\"WebSite\",\"@id\":\"https:\\\/\\\/tejasborja.com\\\/fr\\\/#website\",\"url\":\"https:\\\/\\\/tejasborja.com\\\/fr\\\/\",\"name\":\"Tejas Borja\",\"description\":\"TEJAS BORJA la gama m\u00e1s amplia de tejas cer\u00e1micas del mercado. Especialistas en tejas mixtas, tejas planas y tejas curvas tanto para rehabilitaci\u00f3n de cubiertas como para tejados de obra nueva. Una marca con m\u00e1s de 110 a\u00f1os de experiencia....\",\"publisher\":{\"@id\":\"https:\\\/\\\/tejasborja.com\\\/fr\\\/#organization\"},\"potentialAction\":[{\"@type\":\"SearchAction\",\"target\":{\"@type\":\"EntryPoint\",\"urlTemplate\":\"https:\\\/\\\/tejasborja.com\\\/fr\\\/?s={search_term_string}\"},\"query-input\":{\"@type\":\"PropertyValueSpecification\",\"valueRequired\":true,\"valueName\":\"search_term_string\"}}],\"inLanguage\":\"fr-FR\"},{\"@type\":\"Organization\",\"@id\":\"https:\\\/\\\/tejasborja.com\\\/fr\\\/#organization\",\"name\":\"Tejas Borja\",\"url\":\"https:\\\/\\\/tejasborja.com\\\/fr\\\/\",\"logo\":{\"@type\":\"ImageObject\",\"inLanguage\":\"fr-FR\",\"@id\":\"https:\\\/\\\/tejasborja.com\\\/fr\\\/#\\\/schema\\\/logo\\\/image\\\/\",\"url\":\"https:\\\/\\\/tejasborja.com\\\/wp-content\\\/uploads\\\/2025\\\/08\\\/Logo-Tejas-Borja-Blanco-1.png\",\"contentUrl\":\"https:\\\/\\\/tejasborja.com\\\/wp-content\\\/uploads\\\/2025\\\/08\\\/Logo-Tejas-Borja-Blanco-1.png\",\"width\":150,\"height\":50,\"caption\":\"Tejas Borja\"},\"image\":{\"@id\":\"https:\\\/\\\/tejasborja.com\\\/fr\\\/#\\\/schema\\\/logo\\\/image\\\/\"}}]}<\/script>\n<!-- \/ Yoast SEO plugin. -->","yoast_head_json":{"title":"R\u00e9novation \u00e9nerg\u00e9tique : la mairie de Ville d\u2019Aranda de Duero - Tejas Borja","robots":{"index":"index","follow":"follow","max-snippet":"max-snippet:-1","max-image-preview":"max-image-preview:large","max-video-preview":"max-video-preview:-1"},"canonical":"https:\/\/tejasborja.com\/fr\/projet\/renovation-energetique-tuiles-terre-cuite-solaires\/","og_locale":"fr_FR","og_type":"article","og_title":"R\u00e9novation \u00e9nerg\u00e9tique : la mairie de Ville d\u2019Aranda de Duero - Tejas Borja","og_description":"Dans le but de garantir une r\u00e9novation \u00e9nerg\u00e9tique \u00e0 haute performance et une approche durable, Tejas Borja a \u00e9t\u00e9 choisi comme fournisseur des mat\u00e9riaux et des solutions. La premi\u00e8re \u00e9tape a consist\u00e9 \u00e0 retirer l\u2019ardoise et les \u00e9l\u00e9ments existants afin de laisser place \u00e0 une nouvelle toiture innovante et performante. Le syst\u00e8me d\u2019isolation de toiture [&hellip;]","og_url":"https:\/\/tejasborja.com\/fr\/projet\/renovation-energetique-tuiles-terre-cuite-solaires\/","og_site_name":"Tejas Borja","article_modified_time":"2026-04-28T14:08:00+00:00","og_image":[{"width":1736,"height":1736,"url":"https:\/\/tejasborja.com\/wp-content\/uploads\/2026\/04\/aranda-del-duero.jpg","type":"image\/jpeg"}],"twitter_card":"summary_large_image","schema":{"@context":"https:\/\/schema.org","@graph":[{"@type":"WebPage","@id":"https:\/\/tejasborja.com\/fr\/projet\/renovation-energetique-tuiles-terre-cuite-solaires\/","url":"https:\/\/tejasborja.com\/fr\/projet\/renovation-energetique-tuiles-terre-cuite-solaires\/","name":"R\u00e9novation \u00e9nerg\u00e9tique : la mairie de Ville d\u2019Aranda de Duero - Tejas Borja","isPartOf":{"@id":"https:\/\/tejasborja.com\/fr\/#website"},"primaryImageOfPage":{"@id":"https:\/\/tejasborja.com\/fr\/projet\/renovation-energetique-tuiles-terre-cuite-solaires\/#primaryimage"},"image":{"@id":"https:\/\/tejasborja.com\/fr\/projet\/renovation-energetique-tuiles-terre-cuite-solaires\/#primaryimage"},"thumbnailUrl":"https:\/\/tejasborja.com\/wp-content\/uploads\/2026\/04\/aranda-del-duero.jpg","datePublished":"2024-11-19T09:51:06+00:00","dateModified":"2026-04-28T14:08:00+00:00","breadcrumb":{"@id":"https:\/\/tejasborja.com\/fr\/projet\/renovation-energetique-tuiles-terre-cuite-solaires\/#breadcrumb"},"inLanguage":"fr-FR","potentialAction":[{"@type":"ReadAction","target":["https:\/\/tejasborja.com\/fr\/projet\/renovation-energetique-tuiles-terre-cuite-solaires\/"]}]},{"@type":"ImageObject","inLanguage":"fr-FR","@id":"https:\/\/tejasborja.com\/fr\/projet\/renovation-energetique-tuiles-terre-cuite-solaires\/#primaryimage","url":"https:\/\/tejasborja.com\/wp-content\/uploads\/2026\/04\/aranda-del-duero.jpg","contentUrl":"https:\/\/tejasborja.com\/wp-content\/uploads\/2026\/04\/aranda-del-duero.jpg","width":1736,"height":1736},{"@type":"BreadcrumbList","@id":"https:\/\/tejasborja.com\/fr\/projet\/renovation-energetique-tuiles-terre-cuite-solaires\/#breadcrumb","itemListElement":[{"@type":"ListItem","position":1,"name":"Portada","item":"https:\/\/tejasborja.com\/fr\/"},{"@type":"ListItem","position":2,"name":"R\u00e9novation \u00e9nerg\u00e9tique : la mairie de Ville d\u2019Aranda de Duero"}]},{"@type":"WebSite","@id":"https:\/\/tejasborja.com\/fr\/#website","url":"https:\/\/tejasborja.com\/fr\/","name":"Tejas Borja","description":"TEJAS BORJA la gama m\u00e1s amplia de tejas cer\u00e1micas del mercado. Especialistas en tejas mixtas, tejas planas y tejas curvas tanto para rehabilitaci\u00f3n de cubiertas como para tejados de obra nueva. Una marca con m\u00e1s de 110 a\u00f1os de experiencia....","publisher":{"@id":"https:\/\/tejasborja.com\/fr\/#organization"},"potentialAction":[{"@type":"SearchAction","target":{"@type":"EntryPoint","urlTemplate":"https:\/\/tejasborja.com\/fr\/?s={search_term_string}"},"query-input":{"@type":"PropertyValueSpecification","valueRequired":true,"valueName":"search_term_string"}}],"inLanguage":"fr-FR"},{"@type":"Organization","@id":"https:\/\/tejasborja.com\/fr\/#organization","name":"Tejas Borja","url":"https:\/\/tejasborja.com\/fr\/","logo":{"@type":"ImageObject","inLanguage":"fr-FR","@id":"https:\/\/tejasborja.com\/fr\/#\/schema\/logo\/image\/","url":"https:\/\/tejasborja.com\/wp-content\/uploads\/2025\/08\/Logo-Tejas-Borja-Blanco-1.png","contentUrl":"https:\/\/tejasborja.com\/wp-content\/uploads\/2025\/08\/Logo-Tejas-Borja-Blanco-1.png","width":150,"height":50,"caption":"Tejas Borja"},"image":{"@id":"https:\/\/tejasborja.com\/fr\/#\/schema\/logo\/image\/"}}]}},"_links":{"self":[{"href":"https:\/\/tejasborja.com\/fr\/wp-json\/wp\/v2\/proyecto\/35784","targetHints":{"allow":["GET"]}}],"collection":[{"href":"https:\/\/tejasborja.com\/fr\/wp-json\/wp\/v2\/proyecto"}],"about":[{"href":"https:\/\/tejasborja.com\/fr\/wp-json\/wp\/v2\/types\/proyecto"}],"wp:featuredmedia":[{"embeddable":true,"href":"https:\/\/tejasborja.com\/fr\/wp-json\/wp\/v2\/media\/53812"}],"wp:attachment":[{"href":"https:\/\/tejasborja.com\/fr\/wp-json\/wp\/v2\/media?parent=35784"}],"wp:term":[{"taxonomy":"proyecto-categoria","embeddable":true,"href":"https:\/\/tejasborja.com\/fr\/wp-json\/wp\/v2\/proyecto-categoria?post=35784"},{"taxonomy":"proyecto-pais","embeddable":true,"href":"https:\/\/tejasborja.com\/fr\/wp-json\/wp\/v2\/proyecto-pais?post=35784"},{"taxonomy":"proyecto-tipo","embeddable":true,"href":"https:\/\/tejasborja.com\/fr\/wp-json\/wp\/v2\/proyecto-tipo?post=35784"}],"curies":[{"name":"wp","href":"https:\/\/api.w.org\/{rel}","templated":true}]}}